{"id":256,"date":"2023-08-08T10:47:54","date_gmt":"2023-08-08T10:47:54","guid":{"rendered":"https:\/\/instalatii-fotovoltaice.ro\/wp\/?page_id=256"},"modified":"2023-08-08T10:54:37","modified_gmt":"2023-08-08T10:54:37","slug":"protejeaza-mediul-inconjurator","status":"publish","type":"page","link":"https:\/\/instalatii-fotovoltaice.ro\/hu\/protejeaza-mediul-inconjurator\/","title":{"rendered":"V\u00e9di a k\u00f6rnyezetet"},"content":{"rendered":"<p class=\"has-big-font-size\"><strong>V\u00e9di a k\u00f6rnyezetet<\/strong><\/p>\n\n\n\n<p>A napenergia haszn\u00e1lata seg\u00edt cs\u00f6kkenteni az \u00fcvegh\u00e1zhat\u00e1s\u00fa g\u00e1zok kibocs\u00e1t\u00e1s\u00e1t \u00e9s k\u00edm\u00e9li a term\u00e9szeti er\u0151forr\u00e1sokat.<\/p>\n\n\n\n<div class=\"wp-block-media-text alignwide has-media-on-the-right is-stacked-on-mobile is-vertically-aligned-center has-background\" style=\"background-color:#f1f5c7;grid-template-columns:auto 47%\"><div class=\"wp-block-media-text__content\">\n<p>Emisiile de gaze cu efect de ser\u0103, cum ar fi dioxidul de carbon (CO2) \u0219i metanul (CH4), sunt principalii vinova\u021bi \u00een cre\u0219terea accentuat\u0103 a temperaturilor globale \u0219i a schimb\u0103rilor climatice pe care le observ\u0103m \u00een prezent. Consumul de energie din surse nesustenabile, precum combustibilii fosili, contribuie \u00een mod semnificativ la aceste emisii. Prin trecerea la utilizarea energiei solare, contribui la diminuarea acestor emisii, deoarece energia solar\u0103 este o surs\u0103 curat\u0103 \u0219i neemisiv\u0103 de gaze cu efect de ser\u0103.<\/p>\n\n\n\n<p>Panourile solare converte\u0219te energia solar\u0103 \u00een electricitate f\u0103r\u0103 a emite gaze cu efect de ser\u0103 sau alte poluan\u021bi \u00een atmosfer\u0103. Aceasta \u00eenseamn\u0103 c\u0103 fiecare kilowatt-or\u0103 de energie solar\u0103 produs\u0103 reduce cantitatea de CO2 \u0219i alte emisii generate \u00een timpul produc\u021biei de energie conven\u021bional\u0103. Astfel, prin alegerea energiei solare, contribui la protejarea climei \u0219i la \u00eencetinirea ritmului schimb\u0103rilor climatice.<\/p>\n<\/div><figure class=\"wp-block-media-text__media\"><img decoding=\"async\" src=\"https:\/\/s.w.org\/patterns\/files\/2021\/06\/pear-1-1024x1024.png\" alt=\"\" class=\"wp-image-5263 size-full\"\/><\/figure><\/div>\n\n\n\n<div class=\"wp-block-media-text alignwide is-stacked-on-mobile is-vertically-aligned-center has-background\" style=\"background-color:#fffdea\"><figure class=\"wp-block-media-text__media\"><img decoding=\"async\" src=\"https:\/\/s.w.org\/patterns\/files\/2021\/06\/pear-half-1024x1024.png\" alt=\"\" class=\"wp-image-673 size-full\"\/><\/figure><div class=\"wp-block-media-text__content\">\n<p>Pe l\u00e2ng\u0103 impactul asupra climei, utilizarea energiei solare ajut\u0103 \u0219i la conservarea resurselor naturale limitate ale P\u0103m\u00e2ntului. Combustibilii fosili \u0219i alte surse tradi\u021bionale de energie sunt adesea extrase din mediul \u00eenconjur\u0103tor, duc\u00e2nd la degradarea habitatelor naturale \u0219i la epuizarea resurselor precum petrolul \u0219i c\u0103rbunele. Energiea solar\u0103, pe de alt\u0103 parte, nu presupune exploatarea activ\u0103 a resurselor naturale \u0219i nu genereaz\u0103 poluare sau de\u0219euri periculoase.<\/p>\n\n\n\n<p>Investind \u00een panouri solare pentru a-\u021bi satisface nevoile energetice, contribui la p\u0103strarea biodiversit\u0103\u021bii \u0219i la conservarea zonelor naturale vitale pentru ecosistemele noastre. Astfel, aleg\u00e2nd energia solar\u0103, faci un pas concret c\u0103tre un viitor mai sustenabil, mai verde \u0219i mai armonios cu mediul \u00eenconjur\u0103tor.<\/p>\n\n\n\n<p>\u00cen concluzie, utilizarea energiei solare nu are doar avantaje economice prin reducerea facturilor de energie, ci are \u0219i un impact profund pozitiv asupra mediului \u0219i a \u00eentregii noastre planete. Este o alegere inteligent\u0103 \u0219i responsabil\u0103 care contribuie la combaterea schimb\u0103rilor climatice \u0219i la conservarea resurselor naturale pentru genera\u021biile viitoare.<\/p>\n<\/div><\/div>","protected":false},"excerpt":{"rendered":"<p>Protejeaz\u0103 mediul \u00eenconjur\u0103tor Folosind energia solar\u0103, contribui la reducerea emisiilor de gaze cu efect de ser\u0103 \u0219i la conservarea resurselor naturale. Emisiile de gaze cu efect de ser\u0103, cum ar fi dioxidul de carbon (CO2) \u0219i metanul (CH4), sunt principalii vinova\u021bi \u00een cre\u0219terea accentuat\u0103 a temperaturilor globale \u0219i a schimb\u0103rilor [&hellip;]<\/p>","protected":false},"author":1,"featured_media":0,"parent":0,"menu_order":0,"comment_status":"closed","ping_status":"closed","template":"","meta":{"_vp_format_video_url":"","_vp_image_focal_point":[],"footnotes":""},"class_list":["post-256","page","type-page","status-publish","hentry"],"yoast_head":"<!-- This site is optimized with the Yoast SEO plugin v25.5 - https:\/\/yoast.com\/wordpress\/plugins\/seo\/ -->\n<title>Protejeaz\u0103 mediul \u00eenconjur\u0103tor - Instala\u021bii fotovoltaice<\/title>\n<meta name=\"robots\" content=\"index, follow, max-snippet:-1, max-image-preview:large, max-video-preview:-1\" \/>\n<link rel=\"canonical\" href=\"https:\/\/instalatii-fotovoltaice.ro\/hu\/protejeaza-mediul-inconjurator\/\" \/>\n<meta property=\"og:locale\" content=\"hu_HU\" \/>\n<meta property=\"og:type\" content=\"article\" \/>\n<meta property=\"og:title\" content=\"Protejeaz\u0103 mediul \u00eenconjur\u0103tor - Instala\u021bii fotovoltaice\" \/>\n<meta property=\"og:description\" content=\"Protejeaz\u0103 mediul \u00eenconjur\u0103tor Folosind energia solar\u0103, contribui la reducerea emisiilor de gaze cu efect de ser\u0103 \u0219i la conservarea resurselor naturale. Emisiile de gaze cu efect de ser\u0103, cum ar fi dioxidul de carbon (CO2) \u0219i metanul (CH4), sunt principalii vinova\u021bi \u00een cre\u0219terea accentuat\u0103 a temperaturilor globale \u0219i a schimb\u0103rilor [&hellip;]\" \/>\n<meta property=\"og:url\" content=\"https:\/\/instalatii-fotovoltaice.ro\/hu\/protejeaza-mediul-inconjurator\/\" \/>\n<meta property=\"og:site_name\" content=\"Instala\u021bii fotovoltaice\" \/>\n<meta property=\"article:publisher\" content=\"https:\/\/www.facebook.com\/villexelectric\" \/>\n<meta property=\"article:modified_time\" content=\"2023-08-08T10:54:37+00:00\" \/>\n<meta property=\"og:image\" content=\"https:\/\/s.w.org\/patterns\/files\/2021\/06\/pear-1-1024x1024.png\" \/>\n<meta name=\"twitter:card\" content=\"summary_large_image\" \/>\n<meta name=\"twitter:label1\" content=\"Becs\u00fclt olvas\u00e1si id\u0151\" \/>\n\t<meta name=\"twitter:data1\" content=\"2 perc\" \/>\n<script type=\"application\/ld+json\" class=\"yoast-schema-graph\">{\"@context\":\"https:\/\/schema.org\",\"@graph\":[{\"@type\":\"WebPage\",\"@id\":\"https:\/\/instalatii-fotovoltaice.ro\/protejeaza-mediul-inconjurator\/\",\"url\":\"https:\/\/instalatii-fotovoltaice.ro\/protejeaza-mediul-inconjurator\/\",\"name\":\"Protejeaz\u0103 mediul \u00eenconjur\u0103tor - Instala\u021bii fotovoltaice\",\"isPartOf\":{\"@id\":\"https:\/\/instalatii-fotovoltaice.ro\/#website\"},\"primaryImageOfPage\":{\"@id\":\"https:\/\/instalatii-fotovoltaice.ro\/protejeaza-mediul-inconjurator\/#primaryimage\"},\"image\":{\"@id\":\"https:\/\/instalatii-fotovoltaice.ro\/protejeaza-mediul-inconjurator\/#primaryimage\"},\"thumbnailUrl\":\"https:\/\/s.w.org\/patterns\/files\/2021\/06\/pear-1-1024x1024.png\",\"datePublished\":\"2023-08-08T10:47:54+00:00\",\"dateModified\":\"2023-08-08T10:54:37+00:00\",\"breadcrumb\":{\"@id\":\"https:\/\/instalatii-fotovoltaice.ro\/protejeaza-mediul-inconjurator\/#breadcrumb\"},\"inLanguage\":\"hu\",\"potentialAction\":[{\"@type\":\"ReadAction\",\"target\":[\"https:\/\/instalatii-fotovoltaice.ro\/protejeaza-mediul-inconjurator\/\"]}]},{\"@type\":\"ImageObject\",\"inLanguage\":\"hu\",\"@id\":\"https:\/\/instalatii-fotovoltaice.ro\/protejeaza-mediul-inconjurator\/#primaryimage\",\"url\":\"https:\/\/s.w.org\/patterns\/files\/2021\/06\/pear-1-1024x1024.png\",\"contentUrl\":\"https:\/\/s.w.org\/patterns\/files\/2021\/06\/pear-1-1024x1024.png\"},{\"@type\":\"BreadcrumbList\",\"@id\":\"https:\/\/instalatii-fotovoltaice.ro\/protejeaza-mediul-inconjurator\/#breadcrumb\",\"itemListElement\":[{\"@type\":\"ListItem\",\"position\":1,\"name\":\"Prima pagin\u0103\",\"item\":\"https:\/\/instalatii-fotovoltaice.ro\/\"},{\"@type\":\"ListItem\",\"position\":2,\"name\":\"Protejeaz\u0103 mediul \u00eenconjur\u0103tor\"}]},{\"@type\":\"WebSite\",\"@id\":\"https:\/\/instalatii-fotovoltaice.ro\/#website\",\"url\":\"https:\/\/instalatii-fotovoltaice.ro\/\",\"name\":\"Instala\u021bii fotovoltaice\",\"description\":\"\",\"publisher\":{\"@id\":\"https:\/\/instalatii-fotovoltaice.ro\/#organization\"},\"potentialAction\":[{\"@type\":\"SearchAction\",\"target\":{\"@type\":\"EntryPoint\",\"urlTemplate\":\"https:\/\/instalatii-fotovoltaice.ro\/?s={search_term_string}\"},\"query-input\":{\"@type\":\"PropertyValueSpecification\",\"valueRequired\":true,\"valueName\":\"search_term_string\"}}],\"inLanguage\":\"hu\"},{\"@type\":\"Organization\",\"@id\":\"https:\/\/instalatii-fotovoltaice.ro\/#organization\",\"name\":\"Instala\u021bii fotovoltaice\",\"url\":\"https:\/\/instalatii-fotovoltaice.ro\/\",\"logo\":{\"@type\":\"ImageObject\",\"inLanguage\":\"hu\",\"@id\":\"https:\/\/instalatii-fotovoltaice.ro\/#\/schema\/logo\/image\/\",\"url\":\"https:\/\/instalatii-fotovoltaice.ro\/wp\/wp-content\/uploads\/2023\/08\/logo2.png\",\"contentUrl\":\"https:\/\/instalatii-fotovoltaice.ro\/wp\/wp-content\/uploads\/2023\/08\/logo2.png\",\"width\":225,\"height\":61,\"caption\":\"Instala\u021bii fotovoltaice\"},\"image\":{\"@id\":\"https:\/\/instalatii-fotovoltaice.ro\/#\/schema\/logo\/image\/\"},\"sameAs\":[\"https:\/\/www.facebook.com\/villexelectric\"]}]}<\/script>\n<!-- \/ Yoast SEO plugin. -->","yoast_head_json":{"title":"Protejeaz\u0103 mediul \u00eenconjur\u0103tor - Instala\u021bii fotovoltaice","robots":{"index":"index","follow":"follow","max-snippet":"max-snippet:-1","max-image-preview":"max-image-preview:large","max-video-preview":"max-video-preview:-1"},"canonical":"https:\/\/instalatii-fotovoltaice.ro\/hu\/protejeaza-mediul-inconjurator\/","og_locale":"hu_HU","og_type":"article","og_title":"Protejeaz\u0103 mediul \u00eenconjur\u0103tor - Instala\u021bii fotovoltaice","og_description":"Protejeaz\u0103 mediul \u00eenconjur\u0103tor Folosind energia solar\u0103, contribui la reducerea emisiilor de gaze cu efect de ser\u0103 \u0219i la conservarea resurselor naturale. Emisiile de gaze cu efect de ser\u0103, cum ar fi dioxidul de carbon (CO2) \u0219i metanul (CH4), sunt principalii vinova\u021bi \u00een cre\u0219terea accentuat\u0103 a temperaturilor globale \u0219i a schimb\u0103rilor [&hellip;]","og_url":"https:\/\/instalatii-fotovoltaice.ro\/hu\/protejeaza-mediul-inconjurator\/","og_site_name":"Instala\u021bii fotovoltaice","article_publisher":"https:\/\/www.facebook.com\/villexelectric","article_modified_time":"2023-08-08T10:54:37+00:00","og_image":[{"url":"https:\/\/s.w.org\/patterns\/files\/2021\/06\/pear-1-1024x1024.png","type":"","width":"","height":""}],"twitter_card":"summary_large_image","twitter_misc":{"Becs\u00fclt olvas\u00e1si id\u0151":"2 perc"},"schema":{"@context":"https:\/\/schema.org","@graph":[{"@type":"WebPage","@id":"https:\/\/instalatii-fotovoltaice.ro\/protejeaza-mediul-inconjurator\/","url":"https:\/\/instalatii-fotovoltaice.ro\/protejeaza-mediul-inconjurator\/","name":"Protejeaz\u0103 mediul \u00eenconjur\u0103tor - Instala\u021bii fotovoltaice","isPartOf":{"@id":"https:\/\/instalatii-fotovoltaice.ro\/#website"},"primaryImageOfPage":{"@id":"https:\/\/instalatii-fotovoltaice.ro\/protejeaza-mediul-inconjurator\/#primaryimage"},"image":{"@id":"https:\/\/instalatii-fotovoltaice.ro\/protejeaza-mediul-inconjurator\/#primaryimage"},"thumbnailUrl":"https:\/\/s.w.org\/patterns\/files\/2021\/06\/pear-1-1024x1024.png","datePublished":"2023-08-08T10:47:54+00:00","dateModified":"2023-08-08T10:54:37+00:00","breadcrumb":{"@id":"https:\/\/instalatii-fotovoltaice.ro\/protejeaza-mediul-inconjurator\/#breadcrumb"},"inLanguage":"hu","potentialAction":[{"@type":"ReadAction","target":["https:\/\/instalatii-fotovoltaice.ro\/protejeaza-mediul-inconjurator\/"]}]},{"@type":"ImageObject","inLanguage":"hu","@id":"https:\/\/instalatii-fotovoltaice.ro\/protejeaza-mediul-inconjurator\/#primaryimage","url":"https:\/\/s.w.org\/patterns\/files\/2021\/06\/pear-1-1024x1024.png","contentUrl":"https:\/\/s.w.org\/patterns\/files\/2021\/06\/pear-1-1024x1024.png"},{"@type":"BreadcrumbList","@id":"https:\/\/instalatii-fotovoltaice.ro\/protejeaza-mediul-inconjurator\/#breadcrumb","itemListElement":[{"@type":"ListItem","position":1,"name":"Prima pagin\u0103","item":"https:\/\/instalatii-fotovoltaice.ro\/"},{"@type":"ListItem","position":2,"name":"Protejeaz\u0103 mediul \u00eenconjur\u0103tor"}]},{"@type":"WebSite","@id":"https:\/\/instalatii-fotovoltaice.ro\/#website","url":"https:\/\/instalatii-fotovoltaice.ro\/","name":"Fotovoltaikus berendez\u00e9sek","description":"","publisher":{"@id":"https:\/\/instalatii-fotovoltaice.ro\/#organization"},"potentialAction":[{"@type":"SearchAction","target":{"@type":"EntryPoint","urlTemplate":"https:\/\/instalatii-fotovoltaice.ro\/?s={search_term_string}"},"query-input":{"@type":"PropertyValueSpecification","valueRequired":true,"valueName":"search_term_string"}}],"inLanguage":"hu"},{"@type":"Organization","@id":"https:\/\/instalatii-fotovoltaice.ro\/#organization","name":"Fotovoltaikus berendez\u00e9sek","url":"https:\/\/instalatii-fotovoltaice.ro\/","logo":{"@type":"ImageObject","inLanguage":"hu","@id":"https:\/\/instalatii-fotovoltaice.ro\/#\/schema\/logo\/image\/","url":"https:\/\/instalatii-fotovoltaice.ro\/wp\/wp-content\/uploads\/2023\/08\/logo2.png","contentUrl":"https:\/\/instalatii-fotovoltaice.ro\/wp\/wp-content\/uploads\/2023\/08\/logo2.png","width":225,"height":61,"caption":"Instala\u021bii fotovoltaice"},"image":{"@id":"https:\/\/instalatii-fotovoltaice.ro\/#\/schema\/logo\/image\/"},"sameAs":["https:\/\/www.facebook.com\/villexelectric"]}]}},"_links":{"self":[{"href":"https:\/\/instalatii-fotovoltaice.ro\/hu\/wp-json\/wp\/v2\/pages\/256","targetHints":{"allow":["GET"]}}],"collection":[{"href":"https:\/\/instalatii-fotovoltaice.ro\/hu\/wp-json\/wp\/v2\/pages"}],"about":[{"href":"https:\/\/instalatii-fotovoltaice.ro\/hu\/wp-json\/wp\/v2\/types\/page"}],"author":[{"embeddable":true,"href":"https:\/\/instalatii-fotovoltaice.ro\/hu\/wp-json\/wp\/v2\/users\/1"}],"replies":[{"embeddable":true,"href":"https:\/\/instalatii-fotovoltaice.ro\/hu\/wp-json\/wp\/v2\/comments?post=256"}],"version-history":[{"count":0,"href":"https:\/\/instalatii-fotovoltaice.ro\/hu\/wp-json\/wp\/v2\/pages\/256\/revisions"}],"wp:attachment":[{"href":"https:\/\/instalatii-fotovoltaice.ro\/hu\/wp-json\/wp\/v2\/media?parent=256"}],"curies":[{"name":"wp","href":"https:\/\/api.w.org\/{rel}","templated":true}]}}