{"id":62,"date":"2023-06-09T13:48:00","date_gmt":"2023-06-09T13:48:00","guid":{"rendered":"https:\/\/instalatii-fotovoltaice.ro\/wp\/?page_id=62"},"modified":"2024-01-29T12:22:05","modified_gmt":"2024-01-29T10:22:05","slug":"despre-noi","status":"publish","type":"page","link":"https:\/\/instalatii-fotovoltaice.ro\/hu\/despre-noi\/","title":{"rendered":"R\u00f3lunk"},"content":{"rendered":"<h2 class=\"wp-block-post-title\">R\u00f3lunk<\/h2>\n\n\n<div class=\"wp-block-media-text alignwide is-stacked-on-mobile\" style=\"grid-template-columns:30% auto\"><figure class=\"wp-block-media-text__media\"><img loading=\"lazy\" decoding=\"async\" width=\"1024\" height=\"681\" src=\"https:\/\/instalatii-fotovoltaice.ro\/wp\/wp-content\/uploads\/2023\/08\/shutterstock_775400455-1024x681.jpg\" alt=\"\" class=\"wp-image-286 size-full\" srcset=\"https:\/\/instalatii-fotovoltaice.ro\/wp\/wp-content\/uploads\/2023\/08\/shutterstock_775400455-1024x681.jpg 1024w, https:\/\/instalatii-fotovoltaice.ro\/wp\/wp-content\/uploads\/2023\/08\/shutterstock_775400455-300x199.jpg 300w, https:\/\/instalatii-fotovoltaice.ro\/wp\/wp-content\/uploads\/2023\/08\/shutterstock_775400455-768x511.jpg 768w, https:\/\/instalatii-fotovoltaice.ro\/wp\/wp-content\/uploads\/2023\/08\/shutterstock_775400455-500x332.jpg 500w, https:\/\/instalatii-fotovoltaice.ro\/wp\/wp-content\/uploads\/2023\/08\/shutterstock_775400455-800x532.jpg 800w, https:\/\/instalatii-fotovoltaice.ro\/wp\/wp-content\/uploads\/2023\/08\/shutterstock_775400455.jpg 1280w\" sizes=\"auto, (max-width: 1024px) 100vw, 1024px\" \/><\/figure><div class=\"wp-block-media-text__content\">\n<p>Suntem o echip\u0103 dedicat\u0103 \u0219i pasionat\u0103 de energie solar\u0103, angajat\u0103 s\u0103 te ajut\u0103m s\u0103 transformi lumina soarelui \u00eentr-o surs\u0103 de energie sustenabil\u0103 \u0219i avantajoas\u0103 pentru locuin\u021ba sau afacerea ta. Cu o experien\u021b\u0103 vast\u0103 \u00een domeniul instala\u021biilor fotovoltaice \u0219i o misiune clar\u0103 de a contribui la tranzi\u021bia c\u0103tre o lume mai ecologic\u0103, suntem partenerul ideal pentru proiectele tale energetice.<\/p>\n<\/div><\/div>\n\n\n\n<div style=\"height:14px\" aria-hidden=\"true\" class=\"wp-block-spacer\"><\/div>\n\n\n\n<div class=\"wp-block-group is-layout-constrained wp-block-group-is-layout-constrained\">\n<hr class=\"wp-block-separator has-alpha-channel-opacity\"\/>\n<\/div>\n\n\n\n<div style=\"height:12px\" aria-hidden=\"true\" class=\"wp-block-spacer\"><\/div>\n\n\n\n<div class=\"wp-block-group alignfull is-layout-flow wp-block-group-is-layout-flow\" style=\"margin-top:0px;margin-bottom:0px\">\n<div class=\"wp-block-cover is-light\" style=\"padding-top:40px;padding-bottom:60px;min-height:1131px;aspect-ratio:unset;\"><span aria-hidden=\"true\" class=\"wp-block-cover__background has-background-dim\"><\/span><img loading=\"lazy\" decoding=\"async\" width=\"1280\" height=\"853\" class=\"wp-block-cover__image-background wp-image-291\" alt=\"\" src=\"https:\/\/instalatii-fotovoltaice.ro\/wp\/wp-content\/uploads\/2023\/08\/shutterstock_1543855661.jpg\" data-object-fit=\"cover\" srcset=\"https:\/\/instalatii-fotovoltaice.ro\/wp\/wp-content\/uploads\/2023\/08\/shutterstock_1543855661.jpg 1280w, https:\/\/instalatii-fotovoltaice.ro\/wp\/wp-content\/uploads\/2023\/08\/shutterstock_1543855661-300x200.jpg 300w, https:\/\/instalatii-fotovoltaice.ro\/wp\/wp-content\/uploads\/2023\/08\/shutterstock_1543855661-1024x682.jpg 1024w, https:\/\/instalatii-fotovoltaice.ro\/wp\/wp-content\/uploads\/2023\/08\/shutterstock_1543855661-768x512.jpg 768w, https:\/\/instalatii-fotovoltaice.ro\/wp\/wp-content\/uploads\/2023\/08\/shutterstock_1543855661-500x333.jpg 500w, https:\/\/instalatii-fotovoltaice.ro\/wp\/wp-content\/uploads\/2023\/08\/shutterstock_1543855661-800x533.jpg 800w\" sizes=\"auto, (max-width: 1280px) 100vw, 1280px\" \/><div class=\"wp-block-cover__inner-container is-layout-flow wp-block-cover-is-layout-flow\">\n<div class=\"wp-block-group is-layout-constrained wp-block-group-is-layout-constrained\">\n<div class=\"wp-block-group has-background-color has-text-color is-layout-constrained wp-container-core-group-is-layout-5dee346c wp-block-group-is-layout-constrained\">\n<h2 class=\"wp-block-heading has-text-align-center\">Ce ne define\u0219te:<\/h2>\n\n\n\n<p class=\"has-text-align-center has-medium-font-size\"><\/p>\n<\/div>\n<\/div>\n\n\n\n<div class=\"wp-block-group is-layout-constrained wp-block-group-is-layout-constrained\" style=\"padding-top:30px\">\n<div class=\"wp-block-columns is-layout-flex wp-container-core-columns-is-layout-28f84493 wp-block-columns-is-layout-flex\">\n<div class=\"wp-block-column is-layout-flow wp-block-column-is-layout-flow\">\n<div class=\"wp-block-group has-white-background-color has-background is-layout-constrained wp-container-core-group-is-layout-338bb1b3 wp-block-group-is-layout-constrained\" style=\"min-height:370px;padding-top:20px;padding-right:20px;padding-bottom:20px;padding-left:20px\">\n<h3 class=\"wp-block-heading has-text-align-center has-black-color has-text-color\"><strong>Experien\u021b\u0103 \u0219i Expertiz\u0103<\/strong><\/h3>\n\n\n\n<p class=\"has-text-align-center has-text-color has-medium-font-size\" style=\"color:#666666\">Echipa noastr\u0103 este format\u0103 din speciali\u0219ti cu o bogat\u0103 expertiz\u0103 \u00een domeniul energiei solare \u0219i instala\u021biilor fotovoltaice. Anii de experien\u021b\u0103 ne-au adus o \u00een\u021belegere profund\u0103 a tehnologiei solare \u0219i a celor mai bune practici de proiectare \u0219i implementare.<\/p>\n<\/div>\n\n\n\n<div class=\"wp-block-group has-white-background-color has-background is-layout-constrained wp-container-core-group-is-layout-338bb1b3 wp-block-group-is-layout-constrained\" style=\"border-top-right-radius:0px;border-bottom-left-radius:0px;min-height:370px;padding-top:20px;padding-right:20px;padding-bottom:20px;padding-left:20px\">\n<h3 class=\"wp-block-heading has-text-align-center has-black-color has-text-color\"><strong>Parteneriate Durabile<\/strong><\/h3>\n\n\n\n<p class=\"has-text-align-center has-text-color has-medium-font-size\" style=\"color:#666666\">\u00cen fiecare proiect, construim nu doar instala\u021bii, ci \u0219i parteneriate durabile. Lucr\u0103m al\u0103turi de clien\u021bii no\u0219tri, oferind consultan\u021b\u0103 detaliat\u0103 \u0219i asisten\u021b\u0103 \u00een toate etapele, de la planificare \u0219i proiectare p\u00e2n\u0103 la instalare \u0219i monitorizare.<\/p>\n<\/div>\n<\/div>\n\n\n\n<div class=\"wp-block-column is-content-justification-center is-layout-constrained wp-block-column-is-layout-constrained\">\n<div class=\"wp-block-group has-white-background-color has-background is-layout-constrained wp-container-core-group-is-layout-338bb1b3 wp-block-group-is-layout-constrained\" style=\"min-height:370px;padding-top:20px;padding-right:20px;padding-bottom:20px;padding-left:20px\">\n<h3 class=\"wp-block-heading has-text-align-center has-black-color has-text-color\"><strong>Solu\u021bii Personalizate<\/strong><\/h3>\n\n\n\n<p class=\"has-text-align-center has-text-color has-medium-font-size\" style=\"color:#666666\">Suntem con\u0219tien\u021bi c\u0103 fiecare proiect este unic. De aceea, abord\u0103m fiecare instala\u021bie cu aten\u021bie la detalii, lu\u00e2nd \u00een considerare nevoile, bugetul \u0219i obiectivele fiec\u0103rui client. Oferim solu\u021bii personalizate, adaptate specific cerin\u021belor tale.<\/p>\n<\/div>\n\n\n\n<div class=\"wp-block-group has-white-background-color has-background is-content-justification-center is-layout-constrained wp-container-core-group-is-layout-3b45ce3e wp-block-group-is-layout-constrained\" style=\"border-style:none;border-width:0px;min-height:370px;padding-top:20px;padding-right:20px;padding-bottom:20px;padding-left:20px\">\n<h3 class=\"wp-block-heading has-text-align-center has-black-color has-text-color\"><strong>Calitate<\/strong><\/h3>\n\n\n\n<p class=\"has-text-align-center has-text-color has-medium-font-size\" style=\"color:#666666\">Pentru a asigura cel mai ridicat nivel de calitate clien\u021bilor no\u0219tri, am certificat activitatea noastr\u0103 conform ISO 9001.<\/p>\n<\/div>\n<\/div>\n\n\n\n<div class=\"wp-block-column is-layout-flow wp-block-column-is-layout-flow\">\n<div class=\"wp-block-group has-white-background-color has-background is-layout-constrained wp-container-core-group-is-layout-338bb1b3 wp-block-group-is-layout-constrained\" style=\"padding-top:20px;padding-right:20px;padding-bottom:20px;padding-left:20px\">\n<h3 class=\"wp-block-heading has-text-align-center has-black-color has-text-color\"><strong>Calitate \u0219i Performan\u021b\u0103<\/strong><\/h3>\n\n\n\n<p class=\"has-text-align-center has-text-color has-medium-font-size\" style=\"color:#666666\">Suntem dedica\u021bi oferirii de instala\u021bii fotovoltaice de cea mai \u00eenalt\u0103 calitate, folosind echipamente de v\u00e2rf \u0219i tehnologii de ultim\u0103 genera\u021bie. Asigur\u0103m performan\u021b\u0103 optim\u0103 \u0219i durabilitate pe termen lung, transform\u00e2nd energia solar\u0103 \u00een economii semnificative \u0219i beneficii ecologice.<\/p>\n<\/div>\n\n\n\n<div class=\"wp-block-group has-white-background-color has-background is-layout-constrained wp-container-core-group-is-layout-338bb1b3 wp-block-group-is-layout-constrained\" style=\"min-height:370px;padding-top:20px;padding-right:20px;padding-bottom:20px;padding-left:20px\">\n<h3 class=\"wp-block-heading has-text-align-center has-black-color has-text-color\"><strong>Misiune Ecologic\u0103<\/strong><\/h3>\n\n\n\n<p class=\"has-text-align-center has-text-color has-medium-font-size\" style=\"color:#666666\">Suntem dedica\u021bi protej\u0103rii mediului \u00eenconjur\u0103tor \u0219i contribuirii la reducerea emisiilor de gaze cu efect de ser\u0103. Prin promovarea energiei solare, ne propunem s\u0103 aducem o contribu\u021bie semnificativ\u0103 la combaterea schimb\u0103rilor climatice \u0219i la crearea unui viitor mai durabil pentru to\u021bi.<\/p>\n<\/div>\n<\/div>\n<\/div>\n<\/div>\n\n\n\n<div class=\"wp-block-group is-layout-constrained wp-block-group-is-layout-constrained\">\n<div style=\"height:44px\" aria-hidden=\"true\" class=\"wp-block-spacer\"><\/div>\n<\/div>\n\n\n\n<div class=\"wp-block-group is-layout-constrained wp-block-group-is-layout-constrained\">\n<p class=\"has-background-background-color has-text-color has-background has-medium-font-size\" style=\"color:#666666\">Aleg\u00e2nd s\u0103 lucr\u0103m \u00eempreun\u0103, vei beneficia nu doar de solu\u021bii avansate de energie solar\u0103, ci \u0219i de o echip\u0103 dedicat\u0103, pasionat\u0103 de ceea ce face. Ne concentr\u0103m pe fiecare detaliu pentru a-\u021bi oferi instala\u021bii fotovoltaice performante, personalizate \u0219i pe m\u0103sur\u0103. Suntem aici s\u0103 te ghid\u0103m \u00een aceast\u0103 c\u0103l\u0103torie spre energia viitorului \u0219i suntem convin\u0219i c\u0103, \u00eempreun\u0103, putem crea un impact pozitiv asupra mediului \u0219i economiilor tale.<\/p>\n<\/div>\n<\/div><\/div>\n\n\n\n<div class=\"wp-block-group alignfull has-tertiary-color has-border-background-color has-text-color has-background is-layout-constrained wp-block-group-is-layout-constrained\">\n<h2 class=\"wp-block-heading has-text-align-center has-dark-green-color has-text-color\" id=\"schedule-a-visit\" style=\"margin-top:var(--wp--preset--spacing--40);margin-right:var(--wp--preset--spacing--40);margin-bottom:var(--wp--preset--spacing--40);margin-left:var(--wp--preset--spacing--40);font-size:28px;font-style:normal;font-weight:400;line-height:1.5;text-transform:none\"><strong>Pentru mai multe informa\u021bii sau pentru a discuta despre proiectul t\u0103u de instala\u021bii fotovoltaice, nu ezit\u0103 s\u0103 ne contactatezi. <\/strong><\/h2>\n\n\n\n<div class=\"wp-block-buttons is-horizontal is-content-justification-center is-layout-flex wp-container-core-buttons-is-layout-03627597 wp-block-buttons-is-layout-flex\">\n<div class=\"wp-block-button has-custom-width wp-block-button__width-25\"><a class=\"wp-block-button__link has-dark-green-background-color has-text-color has-background wp-element-button\" href=\"https:\/\/instalatii-fotovoltaice.ro\/hu\/wp\/contact\/\" style=\"border-radius:50px;color:#ffffff\">Contacteaz\u0103-ne<\/a><\/div>\n<\/div>\n\n\n\n<div style=\"height:64px\" aria-hidden=\"true\" class=\"wp-block-spacer\"><\/div>\n<\/div>\n<\/div>","protected":false},"excerpt":{"rendered":"<p>Suntem o echip\u0103 dedicat\u0103 \u0219i pasionat\u0103 de energie solar\u0103, angajat\u0103 s\u0103 te ajut\u0103m s\u0103 transformi lumina soarelui \u00eentr-o surs\u0103 de energie sustenabil\u0103 \u0219i avantajoas\u0103 pentru locuin\u021ba sau afacerea ta. Cu o experien\u021b\u0103 vast\u0103 \u00een domeniul instala\u021biilor fotovoltaice \u0219i o misiune clar\u0103 de a contribui la tranzi\u021bia c\u0103tre o lume mai [&hellip;]<\/p>","protected":false},"author":1,"featured_media":291,"parent":0,"menu_order":0,"comment_status":"closed","ping_status":"closed","template":"","meta":{"_vp_format_video_url":"","_vp_image_focal_point":{"x":0.5,"y":0.5},"footnotes":""},"class_list":["post-62","page","type-page","status-publish","has-post-thumbnail","hentry"],"yoast_head":"<!-- This site is optimized with the Yoast SEO plugin v25.5 - https:\/\/yoast.com\/wordpress\/plugins\/seo\/ -->\n<title>Despre noi - Instala\u021bii fotovoltaice<\/title>\n<meta name=\"robots\" content=\"index, follow, max-snippet:-1, max-image-preview:large, max-video-preview:-1\" \/>\n<link rel=\"canonical\" href=\"https:\/\/instalatii-fotovoltaice.ro\/hu\/despre-noi\/\" \/>\n<meta property=\"og:locale\" content=\"hu_HU\" \/>\n<meta property=\"og:type\" content=\"article\" \/>\n<meta property=\"og:title\" content=\"Despre noi - Instala\u021bii fotovoltaice\" \/>\n<meta property=\"og:description\" content=\"Suntem o echip\u0103 dedicat\u0103 \u0219i pasionat\u0103 de energie solar\u0103, angajat\u0103 s\u0103 te ajut\u0103m s\u0103 transformi lumina soarelui \u00eentr-o surs\u0103 de energie sustenabil\u0103 \u0219i avantajoas\u0103 pentru locuin\u021ba sau afacerea ta. Cu o experien\u021b\u0103 vast\u0103 \u00een domeniul instala\u021biilor fotovoltaice \u0219i o misiune clar\u0103 de a contribui la tranzi\u021bia c\u0103tre o lume mai [&hellip;]\" \/>\n<meta property=\"og:url\" content=\"https:\/\/instalatii-fotovoltaice.ro\/hu\/despre-noi\/\" \/>\n<meta property=\"og:site_name\" content=\"Instala\u021bii fotovoltaice\" \/>\n<meta property=\"article:publisher\" content=\"https:\/\/www.facebook.com\/villexelectric\" \/>\n<meta property=\"article:modified_time\" content=\"2024-01-29T10:22:05+00:00\" \/>\n<meta property=\"og:image\" content=\"https:\/\/instalatii-fotovoltaice.ro\/wp\/wp-content\/uploads\/2023\/08\/shutterstock_1543855661.jpg\" \/>\n\t<meta property=\"og:image:width\" content=\"1280\" \/>\n\t<meta property=\"og:image:height\" content=\"853\" \/>\n\t<meta property=\"og:image:type\" content=\"image\/jpeg\" \/>\n<meta name=\"twitter:card\" content=\"summary_large_image\" \/>\n<meta name=\"twitter:label1\" content=\"Becs\u00fclt olvas\u00e1si id\u0151\" \/>\n\t<meta name=\"twitter:data1\" content=\"3 perc\" \/>\n<script type=\"application\/ld+json\" class=\"yoast-schema-graph\">{\"@context\":\"https:\/\/schema.org\",\"@graph\":[{\"@type\":\"WebPage\",\"@id\":\"https:\/\/instalatii-fotovoltaice.ro\/despre-noi\/\",\"url\":\"https:\/\/instalatii-fotovoltaice.ro\/despre-noi\/\",\"name\":\"Despre noi - Instala\u021bii fotovoltaice\",\"isPartOf\":{\"@id\":\"https:\/\/instalatii-fotovoltaice.ro\/#website\"},\"primaryImageOfPage\":{\"@id\":\"https:\/\/instalatii-fotovoltaice.ro\/despre-noi\/#primaryimage\"},\"image\":{\"@id\":\"https:\/\/instalatii-fotovoltaice.ro\/despre-noi\/#primaryimage\"},\"thumbnailUrl\":\"https:\/\/instalatii-fotovoltaice.ro\/wp\/wp-content\/uploads\/2023\/08\/shutterstock_1543855661.jpg\",\"datePublished\":\"2023-06-09T13:48:00+00:00\",\"dateModified\":\"2024-01-29T10:22:05+00:00\",\"breadcrumb\":{\"@id\":\"https:\/\/instalatii-fotovoltaice.ro\/despre-noi\/#breadcrumb\"},\"inLanguage\":\"hu\",\"potentialAction\":[{\"@type\":\"ReadAction\",\"target\":[\"https:\/\/instalatii-fotovoltaice.ro\/despre-noi\/\"]}]},{\"@type\":\"ImageObject\",\"inLanguage\":\"hu\",\"@id\":\"https:\/\/instalatii-fotovoltaice.ro\/despre-noi\/#primaryimage\",\"url\":\"https:\/\/instalatii-fotovoltaice.ro\/wp\/wp-content\/uploads\/2023\/08\/shutterstock_1543855661.jpg\",\"contentUrl\":\"https:\/\/instalatii-fotovoltaice.ro\/wp\/wp-content\/uploads\/2023\/08\/shutterstock_1543855661.jpg\",\"width\":1280,\"height\":853},{\"@type\":\"BreadcrumbList\",\"@id\":\"https:\/\/instalatii-fotovoltaice.ro\/despre-noi\/#breadcrumb\",\"itemListElement\":[{\"@type\":\"ListItem\",\"position\":1,\"name\":\"Prima pagin\u0103\",\"item\":\"https:\/\/instalatii-fotovoltaice.ro\/\"},{\"@type\":\"ListItem\",\"position\":2,\"name\":\"Despre noi\"}]},{\"@type\":\"WebSite\",\"@id\":\"https:\/\/instalatii-fotovoltaice.ro\/#website\",\"url\":\"https:\/\/instalatii-fotovoltaice.ro\/\",\"name\":\"Instala\u021bii fotovoltaice\",\"description\":\"\",\"publisher\":{\"@id\":\"https:\/\/instalatii-fotovoltaice.ro\/#organization\"},\"potentialAction\":[{\"@type\":\"SearchAction\",\"target\":{\"@type\":\"EntryPoint\",\"urlTemplate\":\"https:\/\/instalatii-fotovoltaice.ro\/?s={search_term_string}\"},\"query-input\":{\"@type\":\"PropertyValueSpecification\",\"valueRequired\":true,\"valueName\":\"search_term_string\"}}],\"inLanguage\":\"hu\"},{\"@type\":\"Organization\",\"@id\":\"https:\/\/instalatii-fotovoltaice.ro\/#organization\",\"name\":\"Instala\u021bii fotovoltaice\",\"url\":\"https:\/\/instalatii-fotovoltaice.ro\/\",\"logo\":{\"@type\":\"ImageObject\",\"inLanguage\":\"hu\",\"@id\":\"https:\/\/instalatii-fotovoltaice.ro\/#\/schema\/logo\/image\/\",\"url\":\"https:\/\/instalatii-fotovoltaice.ro\/wp\/wp-content\/uploads\/2023\/08\/logo2.png\",\"contentUrl\":\"https:\/\/instalatii-fotovoltaice.ro\/wp\/wp-content\/uploads\/2023\/08\/logo2.png\",\"width\":225,\"height\":61,\"caption\":\"Instala\u021bii fotovoltaice\"},\"image\":{\"@id\":\"https:\/\/instalatii-fotovoltaice.ro\/#\/schema\/logo\/image\/\"},\"sameAs\":[\"https:\/\/www.facebook.com\/villexelectric\"]}]}<\/script>\n<!-- \/ Yoast SEO plugin. -->","yoast_head_json":{"title":"Despre noi - Instala\u021bii fotovoltaice","robots":{"index":"index","follow":"follow","max-snippet":"max-snippet:-1","max-image-preview":"max-image-preview:large","max-video-preview":"max-video-preview:-1"},"canonical":"https:\/\/instalatii-fotovoltaice.ro\/hu\/despre-noi\/","og_locale":"hu_HU","og_type":"article","og_title":"Despre noi - Instala\u021bii fotovoltaice","og_description":"Suntem o echip\u0103 dedicat\u0103 \u0219i pasionat\u0103 de energie solar\u0103, angajat\u0103 s\u0103 te ajut\u0103m s\u0103 transformi lumina soarelui \u00eentr-o surs\u0103 de energie sustenabil\u0103 \u0219i avantajoas\u0103 pentru locuin\u021ba sau afacerea ta. Cu o experien\u021b\u0103 vast\u0103 \u00een domeniul instala\u021biilor fotovoltaice \u0219i o misiune clar\u0103 de a contribui la tranzi\u021bia c\u0103tre o lume mai [&hellip;]","og_url":"https:\/\/instalatii-fotovoltaice.ro\/hu\/despre-noi\/","og_site_name":"Instala\u021bii fotovoltaice","article_publisher":"https:\/\/www.facebook.com\/villexelectric","article_modified_time":"2024-01-29T10:22:05+00:00","og_image":[{"width":1280,"height":853,"url":"https:\/\/instalatii-fotovoltaice.ro\/wp\/wp-content\/uploads\/2023\/08\/shutterstock_1543855661.jpg","type":"image\/jpeg"}],"twitter_card":"summary_large_image","twitter_misc":{"Becs\u00fclt olvas\u00e1si id\u0151":"3 perc"},"schema":{"@context":"https:\/\/schema.org","@graph":[{"@type":"WebPage","@id":"https:\/\/instalatii-fotovoltaice.ro\/despre-noi\/","url":"https:\/\/instalatii-fotovoltaice.ro\/despre-noi\/","name":"Despre noi - Instala\u021bii fotovoltaice","isPartOf":{"@id":"https:\/\/instalatii-fotovoltaice.ro\/#website"},"primaryImageOfPage":{"@id":"https:\/\/instalatii-fotovoltaice.ro\/despre-noi\/#primaryimage"},"image":{"@id":"https:\/\/instalatii-fotovoltaice.ro\/despre-noi\/#primaryimage"},"thumbnailUrl":"https:\/\/instalatii-fotovoltaice.ro\/wp\/wp-content\/uploads\/2023\/08\/shutterstock_1543855661.jpg","datePublished":"2023-06-09T13:48:00+00:00","dateModified":"2024-01-29T10:22:05+00:00","breadcrumb":{"@id":"https:\/\/instalatii-fotovoltaice.ro\/despre-noi\/#breadcrumb"},"inLanguage":"hu","potentialAction":[{"@type":"ReadAction","target":["https:\/\/instalatii-fotovoltaice.ro\/despre-noi\/"]}]},{"@type":"ImageObject","inLanguage":"hu","@id":"https:\/\/instalatii-fotovoltaice.ro\/despre-noi\/#primaryimage","url":"https:\/\/instalatii-fotovoltaice.ro\/wp\/wp-content\/uploads\/2023\/08\/shutterstock_1543855661.jpg","contentUrl":"https:\/\/instalatii-fotovoltaice.ro\/wp\/wp-content\/uploads\/2023\/08\/shutterstock_1543855661.jpg","width":1280,"height":853},{"@type":"BreadcrumbList","@id":"https:\/\/instalatii-fotovoltaice.ro\/despre-noi\/#breadcrumb","itemListElement":[{"@type":"ListItem","position":1,"name":"Prima pagin\u0103","item":"https:\/\/instalatii-fotovoltaice.ro\/"},{"@type":"ListItem","position":2,"name":"Despre noi"}]},{"@type":"WebSite","@id":"https:\/\/instalatii-fotovoltaice.ro\/#website","url":"https:\/\/instalatii-fotovoltaice.ro\/","name":"Fotovoltaikus berendez\u00e9sek","description":"","publisher":{"@id":"https:\/\/instalatii-fotovoltaice.ro\/#organization"},"potentialAction":[{"@type":"SearchAction","target":{"@type":"EntryPoint","urlTemplate":"https:\/\/instalatii-fotovoltaice.ro\/?s={search_term_string}"},"query-input":{"@type":"PropertyValueSpecification","valueRequired":true,"valueName":"search_term_string"}}],"inLanguage":"hu"},{"@type":"Organization","@id":"https:\/\/instalatii-fotovoltaice.ro\/#organization","name":"Fotovoltaikus berendez\u00e9sek","url":"https:\/\/instalatii-fotovoltaice.ro\/","logo":{"@type":"ImageObject","inLanguage":"hu","@id":"https:\/\/instalatii-fotovoltaice.ro\/#\/schema\/logo\/image\/","url":"https:\/\/instalatii-fotovoltaice.ro\/wp\/wp-content\/uploads\/2023\/08\/logo2.png","contentUrl":"https:\/\/instalatii-fotovoltaice.ro\/wp\/wp-content\/uploads\/2023\/08\/logo2.png","width":225,"height":61,"caption":"Instala\u021bii fotovoltaice"},"image":{"@id":"https:\/\/instalatii-fotovoltaice.ro\/#\/schema\/logo\/image\/"},"sameAs":["https:\/\/www.facebook.com\/villexelectric"]}]}},"_links":{"self":[{"href":"https:\/\/instalatii-fotovoltaice.ro\/hu\/wp-json\/wp\/v2\/pages\/62","targetHints":{"allow":["GET"]}}],"collection":[{"href":"https:\/\/instalatii-fotovoltaice.ro\/hu\/wp-json\/wp\/v2\/pages"}],"about":[{"href":"https:\/\/instalatii-fotovoltaice.ro\/hu\/wp-json\/wp\/v2\/types\/page"}],"author":[{"embeddable":true,"href":"https:\/\/instalatii-fotovoltaice.ro\/hu\/wp-json\/wp\/v2\/users\/1"}],"replies":[{"embeddable":true,"href":"https:\/\/instalatii-fotovoltaice.ro\/hu\/wp-json\/wp\/v2\/comments?post=62"}],"version-history":[{"count":0,"href":"https:\/\/instalatii-fotovoltaice.ro\/hu\/wp-json\/wp\/v2\/pages\/62\/revisions"}],"wp:featuredmedia":[{"embeddable":true,"href":"https:\/\/instalatii-fotovoltaice.ro\/hu\/wp-json\/wp\/v2\/media\/291"}],"wp:attachment":[{"href":"https:\/\/instalatii-fotovoltaice.ro\/hu\/wp-json\/wp\/v2\/media?parent=62"}],"curies":[{"name":"wp","href":"https:\/\/api.w.org\/{rel}","templated":true}]}}