{"id":72,"date":"2023-07-07T09:15:40","date_gmt":"2023-07-07T09:15:40","guid":{"rendered":"https:\/\/instalatii-fotovoltaice.ro\/wp\/?page_id=72"},"modified":"2023-08-07T13:21:40","modified_gmt":"2023-08-07T13:21:40","slug":"servicii","status":"publish","type":"page","link":"https:\/\/instalatii-fotovoltaice.ro\/hu\/servicii\/","title":{"rendered":"Szolg\u00e1ltat\u00e1sok"},"content":{"rendered":"<div class=\"container service_style1 wlsbp-service-106\">\r\n\t\t<h2 class=\"wlsbp-ServiceShowcase-title\">Szolg\u00e1ltat\u00e1saink<\/h2>\r\n\t\t<div class=\"row\">\r\n\t\t\t\t\t\t\t<div class=\"wlsbp col-md-4 col-sm-6 sbp_grid\">\r\n\t\t\t\t\t\t<div class=\"ServiceShowcase wlsbp-style1-service-bg-color-106\">\r\n\t\t\t\t\t\t\t\t\t\t\t\t\t\t<div class=\"wlsbp-style1-service-icon wlsbp-style1-service-icon-106\"><i class=\"fas fa-chart-area\"><\/i>\r\n\t\t\t\t\t\t\t<\/div>\r\n\t\t\t\t\t\t\t\t\t\t\t\t\t\t\t\t\t\t\t\t\t\t<h3 class=\"wlsbp-style1-service-title wlsbp-style1-service-title-106\">Tan\u00e1csad\u00e1s a fotovoltaikus rendszerek m\u00e9retez\u00e9s\u00e9hez \u00e9s k\u00f6lts\u00e9gvet\u00e9s\u00e9hez<\/h3>\r\n\t\t\t\t\t\t\t\t\t\t\t\t\t\t\t\t\t\t\t\t\t\t<p class=\"wlsbp-style1-service-desc wlsbp-style1-service-desc-106\">Ez a l\u00e9p\u00e9s biztos\u00edtja, hogy a PV-rendszer megfeleljen az \u00d6n energiaig\u00e9nyeinek, \u00e9s a megfelel\u0151 k\u00f6lts\u00e9gvet\u00e9sbe illeszkedjen.<\/p>\r\n\t\t\t\t\t\t\t\t\t\t\t\t\t\t \t\t\t\t\t\t\t<a target=\"_blank\" href=\"https:\/\/instalatii-fotovoltaice.ro\/hu\/wp\/consultanta-in-dimensionarea-si-bugetarea-sistemelor-fotovoltaice\/\" class=\"wlsbp-style1-service-readmore wlsbp-style1-service-readmore-106\">Olvass tov\u00e1bb<\/a>\r\n\t\t\t\t\t\t\t\t\t\t\t\t\t<\/div>\r\n\t\t\t\t\t<\/div>\r\n\t\t\t\t\t\t\t\t\t<div class=\"wlsbp col-md-4 col-sm-6 sbp_grid\">\r\n\t\t\t\t\t\t<div class=\"ServiceShowcase wlsbp-style1-service-bg-color-106\">\r\n\t\t\t\t\t\t\t\t\t\t\t\t\t\t<div class=\"wlsbp-style1-service-icon wlsbp-style1-service-icon-106\"><i class=\"fab fa-firstdraft\"><\/i>\r\n\t\t\t\t\t\t\t<\/div>\r\n\t\t\t\t\t\t\t\t\t\t\t\t\t\t\t\t\t\t\t\t\t\t<h3 class=\"wlsbp-style1-service-title wlsbp-style1-service-title-106\">Fotovoltaikus rendszerek tervez\u00e9se<\/h3>\r\n\t\t\t\t\t\t\t\t\t\t\t\t\t\t\t\t\t\t\t\t\t\t<p class=\"wlsbp-style1-service-desc wlsbp-style1-service-desc-106\">A rendszerelemek r\u00e9szletes tervez\u00e9se \u00e9s konfigur\u00e1l\u00e1sa, biztos\u00edtva, hogy a rendszer optim\u00e1lisan m\u0171k\u00f6dj\u00f6n a napenergia hat\u00e9kony el\u0151\u00e1ll\u00edt\u00e1sa \u00e9s hasznos\u00edt\u00e1sa \u00e9rdek\u00e9ben.<\/p>\r\n\t\t\t\t\t\t\t\t\t\t\t\t\t\t \t\t\t\t\t\t\t<a target=\"_blank\" href=\"https:\/\/instalatii-fotovoltaice.ro\/hu\/wp\/proiectare-sisteme-fotovoltaice\/\" class=\"wlsbp-style1-service-readmore wlsbp-style1-service-readmore-106\">Olvass tov\u00e1bb<\/a>\r\n\t\t\t\t\t\t\t\t\t\t\t\t\t<\/div>\r\n\t\t\t\t\t<\/div>\r\n\t\t\t\t\t\t\t\t\t<div class=\"wlsbp col-md-4 col-sm-6 sbp_grid\">\r\n\t\t\t\t\t\t<div class=\"ServiceShowcase wlsbp-style1-service-bg-color-106\">\r\n\t\t\t\t\t\t\t\t\t\t\t\t\t\t<div class=\"wlsbp-style1-service-icon wlsbp-style1-service-icon-106\"><i class=\"fas fa-wrench\"><\/i>\r\n\t\t\t\t\t\t\t<\/div>\r\n\t\t\t\t\t\t\t\t\t\t\t\t\t\t\t\t\t\t\t\t\t\t<h3 class=\"wlsbp-style1-service-title wlsbp-style1-service-title-106\">Kulcsrak\u00e9sz fotovoltaikus rendszerek<\/h3>\r\n\t\t\t\t\t\t\t\t\t\t\t\t\t\t\t\t\t\t\t\t\t\t<p class=\"wlsbp-style1-service-desc wlsbp-style1-service-desc-106\">A projekt koncepci\u00f3j\u00e1t\u00f3l a napenergia-berendez\u00e9s \u00fczembe helyez\u00e9s\u00e9ig a teljes folyamatot lefedj\u00fck. Teljes k\u00f6r\u0171 \u00e9s probl\u00e9mamentes megold\u00e1st k\u00edn\u00e1lunk \u00fcgyfeleinknek a napenergi\u00e1ra val\u00f3 \u00e1t\u00e1ll\u00e1shoz.<\/p>\r\n\t\t\t\t\t\t\t\t\t\t\t\t\t\t \t\t\t\t\t\t\t<a target=\"_blank\" href=\"https:\/\/instalatii-fotovoltaice.ro\/hu\/wp\/executie-la-cheie-de-sisteme-fotovoltaice\/\" class=\"wlsbp-style1-service-readmore wlsbp-style1-service-readmore-106\">Olvass tov\u00e1bb<\/a>\r\n\t\t\t\t\t\t\t\t\t\t\t\t\t<\/div>\r\n\t\t\t\t\t<\/div>\r\n\t\t\t\t\t\t\t\t\t<div class=\"wlsbp col-md-4 col-sm-6 sbp_grid\">\r\n\t\t\t\t\t\t<div class=\"ServiceShowcase wlsbp-style1-service-bg-color-106\">\r\n\t\t\t\t\t\t\t\t\t\t\t\t\t\t<div class=\"wlsbp-style1-service-icon wlsbp-style1-service-icon-106\"><i class=\"fas fa-bolt\"><\/i>\r\n\t\t\t\t\t\t\t<\/div>\r\n\t\t\t\t\t\t\t\t\t\t\t\t\t\t\t\t\t\t\t\t\t\t<h3 class=\"wlsbp-style1-service-title wlsbp-style1-service-title-106\">F\u00f6ldel\u00e9si m\u00e9r\u00e9sek<\/h3>\r\n\t\t\t\t\t\t\t\t\t\t\t\t\t\t\t\t\t\t\t\t\t\t<p class=\"wlsbp-style1-service-desc wlsbp-style1-service-desc-106\">A f\u00f6ldel\u00e9si m\u00e9r\u00e9sek alapvet\u0151 fontoss\u00e1g\u00faak az elektromos \u00e9s elektronikus rendszerek biztons\u00e1g\u00e1nak \u00e9s megfelel\u0151 m\u0171k\u00f6d\u00e9s\u00e9nek biztos\u00edt\u00e1s\u00e1ban. A f\u00f6ldel\u00e9s vagy f\u00f6ldel\u00e9s az elektromos berendez\u00e9sek \u00e9s a f\u00f6ld k\u00f6z\u00f6tti elektromos kapcsolat, amelynek c\u00e9lja, hogy hiba vagy r\u00f6vidz\u00e1rlat eset\u00e9n biztons\u00e1gosan elvezesse az elektromos \u00e1ramot. A f\u00f6ldel\u00e9si kapcsolat m\u00e9r\u00e9se mag\u00e1ban foglalja a berendez\u00e9s csatlakoz\u00e1si pontja \u00e9s a f\u00f6ld k\u00f6z\u00f6tti elektromos ellen\u00e1ll\u00e1s meghat\u00e1roz\u00e1s\u00e1t. \r\n<\/p>\r\n\t\t\t\t\t\t\t\t\t\t\t\t\t\t \t\t\t\t\t\t\t<a target=\"_blank\" href=\"https:\/\/instalatii-fotovoltaice.ro\/hu\/wp\/masurari-prize-de-pamant\/\" class=\"wlsbp-style1-service-readmore wlsbp-style1-service-readmore-106\">Olvass tov\u00e1bb<\/a>\r\n\t\t\t\t\t\t\t\t\t\t\t\t\t<\/div>\r\n\t\t\t\t\t<\/div>\r\n\t\t\t\t\t\t\t\t\t<div class=\"wlsbp col-md-4 col-sm-6 sbp_grid\">\r\n\t\t\t\t\t\t<div class=\"ServiceShowcase wlsbp-style1-service-bg-color-106\">\r\n\t\t\t\t\t\t\t\t\t\t\t\t\t\t<div class=\"wlsbp-style1-service-icon wlsbp-style1-service-icon-106\"><i class=\"fas fa-battery-full\"><\/i>\r\n\t\t\t\t\t\t\t<\/div>\r\n\t\t\t\t\t\t\t\t\t\t\t\t\t\t\t\t\t\t\t\t\t\t<h3 class=\"wlsbp-style1-service-title wlsbp-style1-service-title-106\">Csatlakoz\u00e1sok \u00e9s \u00e1ramkorszer\u0171s\u00edt\u00e9si munk\u00e1latok elv\u00e9gz\u00e9se<\/h3>\r\n\t\t\t\t\t\t\t\t\t\t\t\t\t\t\t\t\t\t\t\t\t\t<p class=\"wlsbp-style1-service-desc wlsbp-style1-service-desc-106\">A csatlakoz\u00e1si \u00e9s korszer\u0171s\u00edt\u00e9si munk\u00e1k elv\u00e9gz\u00e9se alapvet\u0151 villamosenergia-ipari m\u0171veletek, amelyek magukban foglalj\u00e1k a villamosenergia-h\u00e1l\u00f3zathoz val\u00f3 csatlakoz\u00e1st \u00e9s a fogyaszt\u00f3k megn\u00f6vekedett ig\u00e9nyeinek kiel\u00e9g\u00edt\u00e9s\u00e9hez sz\u00fcks\u00e9ges villamosenergia-ell\u00e1t\u00e1si kapacit\u00e1s n\u00f6vel\u00e9s\u00e9nek kezel\u00e9s\u00e9t.\r\n\r\n<\/p>\r\n\t\t\t\t\t\t\t\t\t\t\t\t\t\t \t\t\t\t\t\t\t<a target=\"_blank\" href=\"https:\/\/instalatii-fotovoltaice.ro\/hu\/wp\/executie-bransamente-si-lucrari-de-spor-de-putere\/\" class=\"wlsbp-style1-service-readmore wlsbp-style1-service-readmore-106\">Olvass tov\u00e1bb<\/a>\r\n\t\t\t\t\t\t\t\t\t\t\t\t\t<\/div>\r\n\t\t\t\t\t<\/div>\r\n\t\t\t\t\t\t\t\t\t<div class=\"wlsbp col-md-4 col-sm-6 sbp_grid\">\r\n\t\t\t\t\t\t<div class=\"ServiceShowcase wlsbp-style1-service-bg-color-106\">\r\n\t\t\t\t\t\t\t\t\t\t\t\t\t\t<div class=\"wlsbp-style1-service-icon wlsbp-style1-service-icon-106\"><i class=\"fas fa-file-alt\"><\/i>\r\n\t\t\t\t\t\t\t<\/div>\r\n\t\t\t\t\t\t\t\t\t\t\t\t\t\t\t\t\t\t\t\t\t\t<h3 class=\"wlsbp-style1-service-title wlsbp-style1-service-title-106\">Prosumer dokument\u00e1ci\u00f3 elk\u00e9sz\u00edt\u00e9se \u00e9s beny\u00fajt\u00e1sa<\/h3>\r\n\t\t\t\t\t\t\t\t\t\t\t\t\t\t\t\t\t\t\t\t\t\t<p class=\"wlsbp-style1-service-desc wlsbp-style1-service-desc-106\">Ezek alapvet\u0151 l\u00e9p\u00e9sek azon mag\u00e1nszem\u00e9lyek vagy v\u00e1llalatok sz\u00e1m\u00e1ra, akik a villamos energia prosumer\u00e9v\u00e9 k\u00edv\u00e1nnak v\u00e1lni, azaz saj\u00e1t maguk termelik \u00e9s fogyasztj\u00e1k a villamos energi\u00e1t, bele\u00e9rtve a felesleges energia visszaad\u00e1s\u00e1t a h\u00e1l\u00f3zatba. Ezekre a dokumentumokra a sz\u00fcks\u00e9ges j\u00f3v\u00e1hagy\u00e1sok \u00e9s enged\u00e9lyek megszerz\u00e9s\u00e9hez, valamint a napenergia-termel\u00e9s p\u00e9nz\u00fcgyi el\u0151nyeinek kiakn\u00e1z\u00e1s\u00e1hoz van sz\u00fcks\u00e9g.<\/p>\r\n\t\t\t\t\t\t\t\t\t\t\t\t\t\t \t\t\t\t\t\t\t<a target=\"_blank\" href=\"https:\/\/instalatii-fotovoltaice.ro\/hu\/wp\/intocmire-si-depunere-documentatii-de-prosumator\/\" class=\"wlsbp-style1-service-readmore wlsbp-style1-service-readmore-106\">Olvass tov\u00e1bb<\/a>\r\n\t\t\t\t\t\t\t\t\t\t\t\t\t<\/div>\r\n\t\t\t\t\t<\/div>\r\n\t\t\t\t\t<\/div>\r\n<\/div>","protected":false},"excerpt":{"rendered":"","protected":false},"author":1,"featured_media":0,"parent":0,"menu_order":0,"comment_status":"closed","ping_status":"closed","template":"","meta":{"_vp_format_video_url":"","_vp_image_focal_point":[],"footnotes":""},"class_list":["post-72","page","type-page","status-publish","hentry"],"yoast_head":"<!-- This site is optimized with the Yoast SEO plugin v25.5 - https:\/\/yoast.com\/wordpress\/plugins\/seo\/ -->\n<title>Servicii - Instala\u021bii fotovoltaice<\/title>\n<meta name=\"robots\" content=\"index, follow, max-snippet:-1, max-image-preview:large, max-video-preview:-1\" \/>\n<link rel=\"canonical\" href=\"https:\/\/instalatii-fotovoltaice.ro\/hu\/servicii\/\" \/>\n<meta property=\"og:locale\" content=\"hu_HU\" \/>\n<meta property=\"og:type\" content=\"article\" \/>\n<meta property=\"og:title\" content=\"Servicii - Instala\u021bii fotovoltaice\" \/>\n<meta property=\"og:url\" content=\"https:\/\/instalatii-fotovoltaice.ro\/hu\/servicii\/\" \/>\n<meta property=\"og:site_name\" content=\"Instala\u021bii fotovoltaice\" \/>\n<meta property=\"article:publisher\" content=\"https:\/\/www.facebook.com\/villexelectric\" \/>\n<meta property=\"article:modified_time\" content=\"2023-08-07T13:21:40+00:00\" \/>\n<meta property=\"og:image\" content=\"https:\/\/instalatii-fotovoltaice.ro\/wp\/wp-content\/uploads\/2023\/09\/2023-09-07_12-20-16_044579.jpg\" \/>\n\t<meta property=\"og:image:width\" content=\"1135\" \/>\n\t<meta property=\"og:image:height\" content=\"1600\" \/>\n\t<meta property=\"og:image:type\" content=\"image\/jpeg\" \/>\n<meta name=\"twitter:card\" content=\"summary_large_image\" \/>\n<script type=\"application\/ld+json\" class=\"yoast-schema-graph\">{\"@context\":\"https:\/\/schema.org\",\"@graph\":[{\"@type\":\"WebPage\",\"@id\":\"https:\/\/instalatii-fotovoltaice.ro\/servicii\/\",\"url\":\"https:\/\/instalatii-fotovoltaice.ro\/servicii\/\",\"name\":\"Servicii - Instala\u021bii fotovoltaice\",\"isPartOf\":{\"@id\":\"https:\/\/instalatii-fotovoltaice.ro\/#website\"},\"datePublished\":\"2023-07-07T09:15:40+00:00\",\"dateModified\":\"2023-08-07T13:21:40+00:00\",\"breadcrumb\":{\"@id\":\"https:\/\/instalatii-fotovoltaice.ro\/servicii\/#breadcrumb\"},\"inLanguage\":\"hu\",\"potentialAction\":[{\"@type\":\"ReadAction\",\"target\":[\"https:\/\/instalatii-fotovoltaice.ro\/servicii\/\"]}]},{\"@type\":\"BreadcrumbList\",\"@id\":\"https:\/\/instalatii-fotovoltaice.ro\/servicii\/#breadcrumb\",\"itemListElement\":[{\"@type\":\"ListItem\",\"position\":1,\"name\":\"Prima pagin\u0103\",\"item\":\"https:\/\/instalatii-fotovoltaice.ro\/\"},{\"@type\":\"ListItem\",\"position\":2,\"name\":\"Servicii\"}]},{\"@type\":\"WebSite\",\"@id\":\"https:\/\/instalatii-fotovoltaice.ro\/#website\",\"url\":\"https:\/\/instalatii-fotovoltaice.ro\/\",\"name\":\"Instala\u021bii fotovoltaice\",\"description\":\"\",\"publisher\":{\"@id\":\"https:\/\/instalatii-fotovoltaice.ro\/#organization\"},\"potentialAction\":[{\"@type\":\"SearchAction\",\"target\":{\"@type\":\"EntryPoint\",\"urlTemplate\":\"https:\/\/instalatii-fotovoltaice.ro\/?s={search_term_string}\"},\"query-input\":{\"@type\":\"PropertyValueSpecification\",\"valueRequired\":true,\"valueName\":\"search_term_string\"}}],\"inLanguage\":\"hu\"},{\"@type\":\"Organization\",\"@id\":\"https:\/\/instalatii-fotovoltaice.ro\/#organization\",\"name\":\"Instala\u021bii fotovoltaice\",\"url\":\"https:\/\/instalatii-fotovoltaice.ro\/\",\"logo\":{\"@type\":\"ImageObject\",\"inLanguage\":\"hu\",\"@id\":\"https:\/\/instalatii-fotovoltaice.ro\/#\/schema\/logo\/image\/\",\"url\":\"https:\/\/instalatii-fotovoltaice.ro\/wp\/wp-content\/uploads\/2023\/08\/logo2.png\",\"contentUrl\":\"https:\/\/instalatii-fotovoltaice.ro\/wp\/wp-content\/uploads\/2023\/08\/logo2.png\",\"width\":225,\"height\":61,\"caption\":\"Instala\u021bii fotovoltaice\"},\"image\":{\"@id\":\"https:\/\/instalatii-fotovoltaice.ro\/#\/schema\/logo\/image\/\"},\"sameAs\":[\"https:\/\/www.facebook.com\/villexelectric\"]}]}<\/script>\n<!-- \/ Yoast SEO plugin. -->","yoast_head_json":{"title":"Servicii - Instala\u021bii fotovoltaice","robots":{"index":"index","follow":"follow","max-snippet":"max-snippet:-1","max-image-preview":"max-image-preview:large","max-video-preview":"max-video-preview:-1"},"canonical":"https:\/\/instalatii-fotovoltaice.ro\/hu\/servicii\/","og_locale":"hu_HU","og_type":"article","og_title":"Servicii - Instala\u021bii fotovoltaice","og_url":"https:\/\/instalatii-fotovoltaice.ro\/hu\/servicii\/","og_site_name":"Instala\u021bii fotovoltaice","article_publisher":"https:\/\/www.facebook.com\/villexelectric","article_modified_time":"2023-08-07T13:21:40+00:00","og_image":[{"width":1135,"height":1600,"url":"https:\/\/instalatii-fotovoltaice.ro\/wp\/wp-content\/uploads\/2023\/09\/2023-09-07_12-20-16_044579.jpg","type":"image\/jpeg"}],"twitter_card":"summary_large_image","schema":{"@context":"https:\/\/schema.org","@graph":[{"@type":"WebPage","@id":"https:\/\/instalatii-fotovoltaice.ro\/servicii\/","url":"https:\/\/instalatii-fotovoltaice.ro\/servicii\/","name":"Servicii - Instala\u021bii fotovoltaice","isPartOf":{"@id":"https:\/\/instalatii-fotovoltaice.ro\/#website"},"datePublished":"2023-07-07T09:15:40+00:00","dateModified":"2023-08-07T13:21:40+00:00","breadcrumb":{"@id":"https:\/\/instalatii-fotovoltaice.ro\/servicii\/#breadcrumb"},"inLanguage":"hu","potentialAction":[{"@type":"ReadAction","target":["https:\/\/instalatii-fotovoltaice.ro\/servicii\/"]}]},{"@type":"BreadcrumbList","@id":"https:\/\/instalatii-fotovoltaice.ro\/servicii\/#breadcrumb","itemListElement":[{"@type":"ListItem","position":1,"name":"Prima pagin\u0103","item":"https:\/\/instalatii-fotovoltaice.ro\/"},{"@type":"ListItem","position":2,"name":"Servicii"}]},{"@type":"WebSite","@id":"https:\/\/instalatii-fotovoltaice.ro\/#website","url":"https:\/\/instalatii-fotovoltaice.ro\/","name":"Fotovoltaikus berendez\u00e9sek","description":"","publisher":{"@id":"https:\/\/instalatii-fotovoltaice.ro\/#organization"},"potentialAction":[{"@type":"SearchAction","target":{"@type":"EntryPoint","urlTemplate":"https:\/\/instalatii-fotovoltaice.ro\/?s={search_term_string}"},"query-input":{"@type":"PropertyValueSpecification","valueRequired":true,"valueName":"search_term_string"}}],"inLanguage":"hu"},{"@type":"Organization","@id":"https:\/\/instalatii-fotovoltaice.ro\/#organization","name":"Fotovoltaikus berendez\u00e9sek","url":"https:\/\/instalatii-fotovoltaice.ro\/","logo":{"@type":"ImageObject","inLanguage":"hu","@id":"https:\/\/instalatii-fotovoltaice.ro\/#\/schema\/logo\/image\/","url":"https:\/\/instalatii-fotovoltaice.ro\/wp\/wp-content\/uploads\/2023\/08\/logo2.png","contentUrl":"https:\/\/instalatii-fotovoltaice.ro\/wp\/wp-content\/uploads\/2023\/08\/logo2.png","width":225,"height":61,"caption":"Instala\u021bii fotovoltaice"},"image":{"@id":"https:\/\/instalatii-fotovoltaice.ro\/#\/schema\/logo\/image\/"},"sameAs":["https:\/\/www.facebook.com\/villexelectric"]}]}},"_links":{"self":[{"href":"https:\/\/instalatii-fotovoltaice.ro\/hu\/wp-json\/wp\/v2\/pages\/72","targetHints":{"allow":["GET"]}}],"collection":[{"href":"https:\/\/instalatii-fotovoltaice.ro\/hu\/wp-json\/wp\/v2\/pages"}],"about":[{"href":"https:\/\/instalatii-fotovoltaice.ro\/hu\/wp-json\/wp\/v2\/types\/page"}],"author":[{"embeddable":true,"href":"https:\/\/instalatii-fotovoltaice.ro\/hu\/wp-json\/wp\/v2\/users\/1"}],"replies":[{"embeddable":true,"href":"https:\/\/instalatii-fotovoltaice.ro\/hu\/wp-json\/wp\/v2\/comments?post=72"}],"version-history":[{"count":0,"href":"https:\/\/instalatii-fotovoltaice.ro\/hu\/wp-json\/wp\/v2\/pages\/72\/revisions"}],"wp:attachment":[{"href":"https:\/\/instalatii-fotovoltaice.ro\/hu\/wp-json\/wp\/v2\/media?parent=72"}],"curies":[{"name":"wp","href":"https:\/\/api.w.org\/{rel}","templated":true}]}}